{"id":2751,"date":"2019-08-08T03:30:16","date_gmt":"2019-08-08T03:30:16","guid":{"rendered":"https:\/\/www.focolare.us\/whats-focolare\/"},"modified":"2021-09-27T03:23:57","modified_gmt":"2021-09-27T03:23:57","slug":"whats-focolare","status":"publish","type":"page","link":"https:\/\/www.focolare.us\/fr\/whats-focolare\/","title":{"rendered":"Qu&rsquo;est-ce que le Mouvement des Focolari?"},"content":{"rendered":"<div class=\"wpb-content-wrapper\"><p>[vc_row][vc_column width=\u00a0\u00bb1\/2&Prime;]<div class=\"grve-element grve-video\" style=\"\"><iframe loading=\"lazy\" src=\"https:\/\/player.vimeo.com\/video\/301049225?h=6936658c84&amp;dnt=1&amp;app_id=122963\" width=\"1080\" height=\"608\" frameborder=\"0\" allow=\"autoplay; fullscreen; picture-in-picture\" allowfullscreen><\/iframe><\/div>[\/vc_column][vc_column vertical_content_position=\u00a0\u00bbmiddle\u00a0\u00bb width=\u00a0\u00bb1\/2&Prime;][vc_column_text]Le Mouvement des Focolari est un mouvement eccl\u00e9sial de renouveau spirituel et social. Officiellement connu sous le nom d'\u00a0\u00bb\u0152uvre de Marie\u00a0\u00bb, il a \u00e9t\u00e9 fond\u00e9 \u00e0 Trente (Italie) en 1943 par Chiara Lubich et ses amis les plus proches, et approuv\u00e9 par l&rsquo;\u00c9glise catholique en 1962. Le mouvement a maintenant atteint 183 pays, et plus de 2 millions de personnes partagent \u00e9troitement la vie du mouvement et son \u0153uvre.<\/p>\n<p>Inspir\u00e9 par la pri\u00e8re de J\u00e9sus : \u00ab\u00a0Que tous soient un\u00a0\u00bb (Jn 17,21), le Mouvement des Focolari propose une spiritualit\u00e9 de l&rsquo;unit\u00e9, qui est devenue un style de vie pour des personnes de tous \u00e2ges et de toutes origines. Elle transforme leur vie et leurs relations et, par extension, influence positivement les contextes sociaux et eccl\u00e9siaux dans lesquels elles vivent et travaillent.[\/vc_column_text][\/vc_column][\/vc_row][vc_row heading_color=\u00a0\u00bblight\u00a0\u00bb bg_type=\u00a0\u00bbgradient\u00a0\u00bb bg_gradient_color_1=\u00a0\u00bbrgba(25,180,215,0.9)\u00a0\u00bb bg_gradient_color_2=\u00a0\u00bbrgba(3,78,144,0.9)\u00a0\u00bb bg_gradient_direction=\u00a0\u00bb180&Prime; padding_top_multiplier=\u00a0\u00bb3x\u00a0\u00bb padding_bottom_multiplier=\u00a0\u00bb3x\u00a0\u00bb font_color=\u00a0\u00bb#ffffff\u00a0\u00bb][vc_column width=\u00a0\u00bb1\/3&Prime;]<div class=\"grve-element grve-counter grve-align-center\" style=\"\">  <div class=\"grve-counter-content\">    <div class=\"grve-counter-item grve-h2 grve-text-white\">      <span data-thousands-separator-vis=\"\" data-thousands-separator=\",\" data-prefix=\"\" data-suffix=\"\" data-start-val=\"0\" data-end-val=\"183\" data-decimal-points=\"0\" data-decimal-separator=\".\" >0<\/span>    <\/div>\t<h3 class=\"grve-counter-title grve-h6\">Pays o\u00f9 vous trouverez le Mouvement des Focolari<\/h3>  <\/div><\/div>[\/vc_column][vc_column width=\u00a0\u00bb1\/3&Prime;]<div class=\"grve-element grve-counter grve-align-center\" style=\"\">  <div class=\"grve-counter-content\">    <div class=\"grve-counter-item grve-h2 grve-text-white\">      <span data-thousands-separator-vis=\"yes\" data-thousands-separator=\",\" data-prefix=\"\" data-suffix=\"\" data-start-val=\"0\" data-end-val=\"1943\" data-decimal-points=\"0\" data-decimal-separator=\".\" >0<\/span>    <\/div>\t<h3 class=\"grve-counter-title grve-h6\">Ann\u00e9e de cr\u00e9ation du Mouvement des Focolari<\/h3>  <\/div><\/div>[\/vc_column][vc_column width=\u00a0\u00bb1\/3&Prime;]<div class=\"grve-element grve-counter grve-align-center\" style=\"\">  <div class=\"grve-counter-content\">    <div class=\"grve-counter-item grve-h2 grve-text-white\">      <span data-thousands-separator-vis=\"\" data-thousands-separator=\",\" data-prefix=\"\" data-suffix=\"+\" data-start-val=\"0\" data-end-val=\"2000000\" data-decimal-points=\"0\" data-decimal-separator=\".\" >0<\/span>    <\/div>\t<h3 class=\"grve-counter-title grve-h6\">de personnes partagent sa spiritualit\u00e9<\/h3>  <\/div><\/div>[\/vc_column][\/vc_row][vc_row equal_column_height=\u00a0\u00bbmiddle-content\u00a0\u00bb][vc_column vertical_content_position=\u00a0\u00bbmiddle\u00a0\u00bb width=\u00a0\u00bb1\/2&Prime; tablet_sm_width=\u00a0\u00bbhide\u00a0\u00bb mobile_width=\u00a0\u00bbhide\u00a0\u00bb]<div class=\"grve-element grve-image grve-align-center\" style=\"\">  <div class=\"grve-image-wrapper\"><img loading=\"lazy\" decoding=\"async\" width=\"950\" height=\"663\" src=\"https:\/\/www.focolare.us\/wp-content\/uploads\/2019\/10\/Chiara-Lubich-with-Buddhist-leaders_1.jpg\" class=\"attachment-full size-full\" alt=\"\" srcset=\"https:\/\/www.focolare.us\/wp-content\/uploads\/2019\/10\/Chiara-Lubich-with-Buddhist-leaders_1.jpg 950w, https:\/\/www.focolare.us\/wp-content\/uploads\/2019\/10\/Chiara-Lubich-with-Buddhist-leaders_1-300x209.jpg 300w, https:\/\/www.focolare.us\/wp-content\/uploads\/2019\/10\/Chiara-Lubich-with-Buddhist-leaders_1-768x536.jpg 768w\" sizes=\"auto, (max-width: 950px) 100vw, 950px\" \/>   <\/div><\/div>[\/vc_column][vc_column vertical_content_position=\u00a0\u00bbmiddle\u00a0\u00bb width=\u00a0\u00bb1\/2&Prime;][vc_column_text]Avec plusieurs autres groupes qui vont dans le m\u00eame sens, le Mouvement des Focolari s&rsquo;engage \u00e0 construire des relations fraternelles entre les personnes, les peuples, les religions et les cultures. Pour ce faire, il s&rsquo;engage dans diverses formes de dialogue dans de nombreux domaines de la soci\u00e9t\u00e9.<\/p>\n<p>Le Mouement des Focolari comprend des personnes sans appartenance religieuse, des fid\u00e8les des religions du monde, des chr\u00e9tiens de diverses confessions et des catholiques. Chacun partage l&rsquo;objectif et l&rsquo;esprit du mouvement, tout en suivant sa propre foi et sa propre conscience.[\/vc_column_text][\/vc_column][\/vc_row][vc_row heading_color=\u00a0\u00bblight\u00a0\u00bb bg_type=\u00a0\u00bbgradient\u00a0\u00bb bg_gradient_color_1=\u00a0\u00bbrgba(25,180,215,0.9)\u00a0\u00bb bg_gradient_color_2=\u00a0\u00bbrgba(3,78,144,0.9)\u00a0\u00bb bg_gradient_direction=\u00a0\u00bb180&Prime; padding_top_multiplier=\u00a0\u00bb3x\u00a0\u00bb padding_bottom_multiplier=\u00a0\u00bb3x\u00a0\u00bb font_color=\u00a0\u00bb#ffffff\u00a0\u00bb][vc_column width=\u00a0\u00bb1\/3&Prime;]<div class=\"grve-element grve-counter grve-align-center\" style=\"\">  <div class=\"grve-counter-content\">    <div class=\"grve-counter-item grve-h2 grve-text-white\">      <span data-thousands-separator-vis=\"\" data-thousands-separator=\",\" data-prefix=\"\" data-suffix=\"+\" data-start-val=\"0\" data-end-val=\"350\" data-decimal-points=\"0\" data-decimal-separator=\".\" >0<\/span>    <\/div>\t<h3 class=\"grve-counter-title grve-h6\">D\u00e9nominations chr\u00e9tiennes sont repr\u00e9sent\u00e9es au sein du Mouvement des Focolari<\/h3>  <\/div><\/div>[\/vc_column][vc_column width=\u00a0\u00bb1\/3&Prime;]<div class=\"grve-element grve-counter grve-align-center\" style=\"\">  <div class=\"grve-counter-content\">    <div class=\"grve-counter-item grve-h2 grve-text-white\">      <span data-thousands-separator-vis=\"\" data-thousands-separator=\",\" data-prefix=\"\" data-suffix=\"+\" data-start-val=\"0\" data-end-val=\"100000\" data-decimal-points=\"0\" data-decimal-separator=\".\" >0<\/span>    <\/div>\t<h3 class=\"grve-counter-title grve-h6\">Fid\u00e8les des religions du monde partagent l'esprit du mouvement<\/h3>  <\/div><\/div>[\/vc_column][vc_column width=\u00a0\u00bb1\/3&Prime;]<div class=\"grve-element grve-counter grve-align-center\" style=\"\">  <div class=\"grve-counter-content\">    <div class=\"grve-counter-item grve-h2 grve-text-white\">      <span data-thousands-separator-vis=\"\" data-thousands-separator=\",\" data-prefix=\"\" data-suffix=\"+\" data-start-val=\"0\" data-end-val=\"900\" data-decimal-points=\"0\" data-decimal-separator=\".\" >0<\/span>    <\/div>\t<h3 class=\"grve-counter-title grve-h6\">Entreprises sont inspir\u00e9es par les principes du Mouvement des Focolari<\/h3>  <\/div><\/div>[\/vc_column][\/vc_row][vc_row padding_bottom_multiplier=\u00a0\u00bb2x\u00a0\u00bb equal_column_height=\u00a0\u00bbmiddle-content\u00a0\u00bb][vc_column width=\u00a0\u00bb1\/2&Prime; tablet_sm_width=\u00a0\u00bbhide\u00a0\u00bb mobile_width=\u00a0\u00bbhide\u00a0\u00bb]<div class=\"grve-element grve-image grve-align-center\" style=\"\">  <div class=\"grve-image-wrapper\"><img loading=\"lazy\" decoding=\"async\" width=\"1920\" height=\"1080\" src=\"https:\/\/www.focolare.us\/wp-content\/uploads\/2019\/08\/background-pic-homepage.png\" class=\"attachment-full size-full\" alt=\"\" srcset=\"https:\/\/www.focolare.us\/wp-content\/uploads\/2019\/08\/background-pic-homepage.png 1920w, https:\/\/www.focolare.us\/wp-content\/uploads\/2019\/08\/background-pic-homepage-300x169.png 300w, https:\/\/www.focolare.us\/wp-content\/uploads\/2019\/08\/background-pic-homepage-768x432.png 768w, https:\/\/www.focolare.us\/wp-content\/uploads\/2019\/08\/background-pic-homepage-1024x576.png 1024w, https:\/\/www.focolare.us\/wp-content\/uploads\/2019\/08\/background-pic-homepage-1170x658.png 1170w\" sizes=\"auto, (max-width: 1920px) 100vw, 1920px\" \/>   <\/div><\/div>[\/vc_column][vc_column vertical_content_position=\u00a0\u00bbmiddle\u00a0\u00bb width=\u00a0\u00bb1\/2&Prime;][vc_column_text]Au c\u0153ur de ce mouvement, se trouvent de petites communaut\u00e9s de femmes et d&rsquo;hommes c\u00e9libataires qui consacrent leur vie \u00e0 Dieu par des v\u0153ux de pauvret\u00e9, de chastet\u00e9 et d&rsquo;ob\u00e9issance. Ils vivent dans des maisons appel\u00e9es \u00ab\u00a0focolares\u00a0\u00bb, du mot italien signifiant \u00ab\u00a0foyer\u00a0\u00bb, o\u00f9 une famille se r\u00e9unit g\u00e9n\u00e9ralement pour se r\u00e9chauffer et s&rsquo;\u00e9clairer.<\/p>\n<p>Pensez au Mouvement des Focolari comme \u00e0 une grande famille, diverse et mondiale. Chiara\u00a0Lubich, la fondatrice de ce mouvement, le d\u00e9crit comme un \u00ab\u00a0nouveau peuple n\u00e9 de l&rsquo;\u00c9vangile\u00a0\u00bb. Comme beaucoup de communaut\u00e9s, cette famille poss\u00e8de et cr\u00e9e sa propre culture, et c&rsquo;est probablement en en faisant l\u2019exp\u00e9rience avec des personnes qui vivent sa spiritualit\u00e9 qu&rsquo;on la comprend le mieux. Comme bien des cultures, elle peut \u00eatre d\u00e9crite, mais il est pr\u00e9f\u00e9rable de venir la voir par vous-m\u00eame.[\/vc_column_text][\/vc_column][\/vc_row][vc_row padding_bottom_multiplier=\u00a0\u00bb2x\u00a0\u00bb columns_gap=\u00a0\u00bb40&Prime;][vc_column width=\u00a0\u00bb1\/2&Prime; text_align=\u00a0\u00bbcenter\u00a0\u00bb shadow=\u00a0\u00bbsmall\u00a0\u00bb css=\u00a0\u00bb.vc_custom_1605061084602{background-color: #d0e4f4 !important;border-radius: 20px !important;}\u00a0\u00bb]<div class=\"grve-empty-space grve-height-1x\" style=\"\"><\/div><div class=\"grve-element grve-single-icon grve-align-center grve-large\" style=\"\">  <div class=\"grve-wrapper-icon grve-no-shape\" style=\"\"><i class=\"typcn typcn-compass grve-text-primary-2\"><\/i><\/div><\/div><div class=\"grve-empty-space grve-height-1x\" style=\"\"><\/div>[vc_column_text]<\/p>\n<p style=\"text-align: center;\"><strong>Une spiritualit\u00e9 pour le monde d&rsquo;aujourd&rsquo;hui<\/strong><br \/>\nChaque initiative du Mouvement des Focolari s&rsquo;enracine dans sa spiritualit\u00e9 de l&rsquo;unit\u00e9.<\/p>\n<p>[\/vc_column_text]<div class=\"grve-empty-space grve-height-1x\" style=\"\"><\/div><div class=\"grve-element grve-align-center\"><a href=\"https:\/\/www.focolare.us\/fr\/focolare-lifestyle\/\" title=\"Focolare Spirituality\" class=\"grve-btn grve-btn-large grve-round grve-bg-primary-2 grve-bg-hover-primary-1\"><span>Le style de vie des Focolari<\/span><\/a><\/div><div class=\"grve-empty-space grve-height-1x\" style=\"\"><\/div>[\/vc_column][vc_column width=\u00a0\u00bb1\/2&Prime; shadow=\u00a0\u00bbsmall\u00a0\u00bb css=\u00a0\u00bb.vc_custom_1605061813495{background-color: #d0e4f4 !important;border-radius: 20px !important;}\u00a0\u00bb]<div class=\"grve-empty-space grve-height-1x\" style=\"\"><\/div><div class=\"grve-element grve-single-icon grve-align-center grve-large\" style=\"\">  <div class=\"grve-wrapper-icon grve-no-shape\" style=\"\"><i class=\"typcn typcn-messages grve-text-primary-2\"><\/i><\/div><\/div><div class=\"grve-empty-space grve-height-1x\" style=\"\"><\/div>[vc_column_text]<\/p>\n<p style=\"text-align: center;\"><strong>L&rsquo;unit\u00e9 est une histoire qui vaut la peine d&rsquo;\u00eatre racont\u00e9e<\/strong><br \/>\nDes exp\u00e9riences inspirantes sur l&rsquo;amour et la construction de l&rsquo;unit\u00e9.<\/p>\n<p>[\/vc_column_text]<div class=\"grve-empty-space grve-height-1x\" style=\"\"><\/div><div class=\"grve-element grve-align-center\"><a href=\"\/our-stories\" title=\"Focolare Stories\" class=\"grve-btn grve-btn-large grve-round grve-bg-primary-2 grve-bg-hover-primary-1\"><span>Nos histoires<\/span><\/a><\/div><div class=\"grve-empty-space grve-height-1x\" style=\"\"><\/div>[\/vc_column][\/vc_row][vc_row bg_type=\u00a0\u00bbcolor\u00a0\u00bb padding_top_multiplier=\u00a0\u00bb2x\u00a0\u00bb padding_bottom_multiplier=\u00a0\u00bb2x\u00a0\u00bb bg_color=\u00a0\u00bb#d0e4f4&Prime;][vc_column][vc_column_text animation=\u00a0\u00bbgrve-fade-in-up\u00a0\u00bb animation_delay=\u00a0\u00bb0&Prime;]<\/p>\n<h5 style=\"text-align: center;\">Des questions?<br \/>\n<a href=\"\/connect\/\">Contactez-nous<\/a>.<\/h5>\n<p>[\/vc_column_text][\/vc_column][\/vc_row]<\/p>\n<\/div>","protected":false},"excerpt":{"rendered":"<p>[vc_row][vc_column width=\u00a0\u00bb1\/2&Prime;][\/vc_column][vc_column vertical_content_position=\u00a0\u00bbmiddle\u00a0\u00bb width=\u00a0\u00bb1\/2&Prime;][vc_column_text]Le Mouvement des Focolari est un mouvement eccl\u00e9sial de renouveau spirituel et social. Officiellement connu sous le nom d&rsquo;\u00a0\u00bb\u0152uvre de Marie\u00a0\u00bb, il a \u00e9t\u00e9 fond\u00e9 \u00e0 Trente (Italie) en 1943 par Chiara Lubich et ses amis les plus proches, et approuv\u00e9 par l&rsquo;\u00c9glise catholique en 1962. Le mouvement a maintenant atteint 183 [&hellip;]<\/p>\n","protected":false},"author":2,"featured_media":2663,"parent":0,"menu_order":0,"comment_status":"closed","ping_status":"closed","template":"","meta":{"footnotes":""},"class_list":["post-2751","page","type-page","status-publish","has-post-thumbnail","hentry"],"yoast_head":"<!-- This site is optimized with the Yoast SEO plugin v27.5 - https:\/\/yoast.com\/product\/yoast-seo-wordpress\/ -->\n<title>Qu&#039;est-ce que le Mouvement des Focolari?<\/title>\n<meta name=\"description\" content=\"Une communaut\u00e9 mondiale qui a la passion de l&#039;unit\u00e9. Le Mouvement des Focolari est un mouvement eccl\u00e9sial de renouveau spirituel et social.\" \/>\n<meta name=\"robots\" content=\"index, follow, max-snippet:-1, max-image-preview:large, max-video-preview:-1\" \/>\n<link rel=\"canonical\" href=\"https:\/\/www.focolare.us\/fr\/whats-focolare\/\" \/>\n<meta property=\"og:locale\" content=\"fr_FR\" \/>\n<meta property=\"og:type\" content=\"article\" \/>\n<meta property=\"og:title\" content=\"Qu&#039;est-ce que le Mouvement des Focolari?\" \/>\n<meta property=\"og:description\" content=\"Une communaut\u00e9 mondiale qui a la passion de l&#039;unit\u00e9. Le Mouvement des Focolari est un mouvement eccl\u00e9sial de renouveau spirituel et social.\" \/>\n<meta property=\"og:url\" content=\"https:\/\/www.focolare.us\/fr\/whats-focolare\/\" \/>\n<meta property=\"og:site_name\" content=\"Focolare in the US and Canada\" \/>\n<meta property=\"article:modified_time\" content=\"2021-09-27T03:23:57+00:00\" \/>\n<meta property=\"og:image\" content=\"https:\/\/www.focolare.us\/wp-content\/uploads\/2019\/10\/group-modified.jpg\" \/>\n\t<meta property=\"og:image:width\" content=\"3388\" \/>\n\t<meta property=\"og:image:height\" content=\"2250\" \/>\n\t<meta property=\"og:image:type\" content=\"image\/jpeg\" \/>\n<meta name=\"twitter:card\" content=\"summary_large_image\" \/>\n<meta name=\"twitter:label1\" content=\"Dur\u00e9e de lecture estim\u00e9e\" \/>\n\t<meta name=\"twitter:data1\" content=\"3 minutes\" \/>\n<script type=\"application\/ld+json\" class=\"yoast-schema-graph\">{\"@context\":\"https:\\\/\\\/schema.org\",\"@graph\":[{\"@type\":[\"WebPage\",\"AboutPage\"],\"@id\":\"https:\\\/\\\/www.focolare.us\\\/fr\\\/whats-focolare\\\/\",\"url\":\"https:\\\/\\\/www.focolare.us\\\/fr\\\/whats-focolare\\\/\",\"name\":\"Qu'est-ce que le Mouvement des Focolari?\",\"isPartOf\":{\"@id\":\"https:\\\/\\\/www.focolare.us\\\/fr\\\/#website\"},\"primaryImageOfPage\":{\"@id\":\"https:\\\/\\\/www.focolare.us\\\/fr\\\/whats-focolare\\\/#primaryimage\"},\"image\":{\"@id\":\"https:\\\/\\\/www.focolare.us\\\/fr\\\/whats-focolare\\\/#primaryimage\"},\"thumbnailUrl\":\"https:\\\/\\\/www.focolare.us\\\/wp-content\\\/uploads\\\/2019\\\/10\\\/group-modified.jpg\",\"datePublished\":\"2019-08-08T03:30:16+00:00\",\"dateModified\":\"2021-09-27T03:23:57+00:00\",\"description\":\"Une communaut\u00e9 mondiale qui a la passion de l'unit\u00e9. Le Mouvement des Focolari est un mouvement eccl\u00e9sial de renouveau spirituel et social.\",\"breadcrumb\":{\"@id\":\"https:\\\/\\\/www.focolare.us\\\/fr\\\/whats-focolare\\\/#breadcrumb\"},\"inLanguage\":\"fr-FR\",\"potentialAction\":[{\"@type\":\"ReadAction\",\"target\":[\"https:\\\/\\\/www.focolare.us\\\/fr\\\/whats-focolare\\\/\"]}]},{\"@type\":\"ImageObject\",\"inLanguage\":\"fr-FR\",\"@id\":\"https:\\\/\\\/www.focolare.us\\\/fr\\\/whats-focolare\\\/#primaryimage\",\"url\":\"https:\\\/\\\/www.focolare.us\\\/wp-content\\\/uploads\\\/2019\\\/10\\\/group-modified.jpg\",\"contentUrl\":\"https:\\\/\\\/www.focolare.us\\\/wp-content\\\/uploads\\\/2019\\\/10\\\/group-modified.jpg\",\"width\":3388,\"height\":2250},{\"@type\":\"BreadcrumbList\",\"@id\":\"https:\\\/\\\/www.focolare.us\\\/fr\\\/whats-focolare\\\/#breadcrumb\",\"itemListElement\":[{\"@type\":\"ListItem\",\"position\":1,\"name\":\"Home\",\"item\":\"https:\\\/\\\/www.focolare.us\\\/fr\\\/\"},{\"@type\":\"ListItem\",\"position\":2,\"name\":\"Qu&rsquo;est-ce que le Mouvement des Focolari?\"}]},{\"@type\":\"WebSite\",\"@id\":\"https:\\\/\\\/www.focolare.us\\\/fr\\\/#website\",\"url\":\"https:\\\/\\\/www.focolare.us\\\/fr\\\/\",\"name\":\"Focolare in the US and Canada\",\"description\":\"Living for Unity in the US and Canada\",\"publisher\":{\"@id\":\"https:\\\/\\\/www.focolare.us\\\/fr\\\/#organization\"},\"potentialAction\":[{\"@type\":\"SearchAction\",\"target\":{\"@type\":\"EntryPoint\",\"urlTemplate\":\"https:\\\/\\\/www.focolare.us\\\/fr\\\/?s={search_term_string}\"},\"query-input\":{\"@type\":\"PropertyValueSpecification\",\"valueRequired\":true,\"valueName\":\"search_term_string\"}}],\"inLanguage\":\"fr-FR\"},{\"@type\":\"Organization\",\"@id\":\"https:\\\/\\\/www.focolare.us\\\/fr\\\/#organization\",\"name\":\"Focolare Movement\",\"url\":\"https:\\\/\\\/www.focolare.us\\\/fr\\\/\",\"logo\":{\"@type\":\"ImageObject\",\"inLanguage\":\"fr-FR\",\"@id\":\"https:\\\/\\\/www.focolare.us\\\/fr\\\/#\\\/schema\\\/logo\\\/image\\\/\",\"url\":\"https:\\\/\\\/www.focolare.us\\\/wp-content\\\/uploads\\\/2019\\\/08\\\/focolare_inglese_RGB.png\",\"contentUrl\":\"https:\\\/\\\/www.focolare.us\\\/wp-content\\\/uploads\\\/2019\\\/08\\\/focolare_inglese_RGB.png\",\"width\":200,\"height\":184,\"caption\":\"Focolare Movement\"},\"image\":{\"@id\":\"https:\\\/\\\/www.focolare.us\\\/fr\\\/#\\\/schema\\\/logo\\\/image\\\/\"},\"sameAs\":[\"https:\\\/\\\/en.wikipedia.org\\\/wiki\\\/Focolare_Movement\"]}]}<\/script>\n<!-- \/ Yoast SEO plugin. -->","yoast_head_json":{"title":"Qu'est-ce que le Mouvement des Focolari?","description":"Une communaut\u00e9 mondiale qui a la passion de l'unit\u00e9. Le Mouvement des Focolari est un mouvement eccl\u00e9sial de renouveau spirituel et social.","robots":{"index":"index","follow":"follow","max-snippet":"max-snippet:-1","max-image-preview":"max-image-preview:large","max-video-preview":"max-video-preview:-1"},"canonical":"https:\/\/www.focolare.us\/fr\/whats-focolare\/","og_locale":"fr_FR","og_type":"article","og_title":"Qu'est-ce que le Mouvement des Focolari?","og_description":"Une communaut\u00e9 mondiale qui a la passion de l'unit\u00e9. Le Mouvement des Focolari est un mouvement eccl\u00e9sial de renouveau spirituel et social.","og_url":"https:\/\/www.focolare.us\/fr\/whats-focolare\/","og_site_name":"Focolare in the US and Canada","article_modified_time":"2021-09-27T03:23:57+00:00","og_image":[{"width":3388,"height":2250,"url":"https:\/\/www.focolare.us\/wp-content\/uploads\/2019\/10\/group-modified.jpg","type":"image\/jpeg"}],"twitter_card":"summary_large_image","twitter_misc":{"Dur\u00e9e de lecture estim\u00e9e":"3 minutes"},"schema":{"@context":"https:\/\/schema.org","@graph":[{"@type":["WebPage","AboutPage"],"@id":"https:\/\/www.focolare.us\/fr\/whats-focolare\/","url":"https:\/\/www.focolare.us\/fr\/whats-focolare\/","name":"Qu'est-ce que le Mouvement des Focolari?","isPartOf":{"@id":"https:\/\/www.focolare.us\/fr\/#website"},"primaryImageOfPage":{"@id":"https:\/\/www.focolare.us\/fr\/whats-focolare\/#primaryimage"},"image":{"@id":"https:\/\/www.focolare.us\/fr\/whats-focolare\/#primaryimage"},"thumbnailUrl":"https:\/\/www.focolare.us\/wp-content\/uploads\/2019\/10\/group-modified.jpg","datePublished":"2019-08-08T03:30:16+00:00","dateModified":"2021-09-27T03:23:57+00:00","description":"Une communaut\u00e9 mondiale qui a la passion de l'unit\u00e9. Le Mouvement des Focolari est un mouvement eccl\u00e9sial de renouveau spirituel et social.","breadcrumb":{"@id":"https:\/\/www.focolare.us\/fr\/whats-focolare\/#breadcrumb"},"inLanguage":"fr-FR","potentialAction":[{"@type":"ReadAction","target":["https:\/\/www.focolare.us\/fr\/whats-focolare\/"]}]},{"@type":"ImageObject","inLanguage":"fr-FR","@id":"https:\/\/www.focolare.us\/fr\/whats-focolare\/#primaryimage","url":"https:\/\/www.focolare.us\/wp-content\/uploads\/2019\/10\/group-modified.jpg","contentUrl":"https:\/\/www.focolare.us\/wp-content\/uploads\/2019\/10\/group-modified.jpg","width":3388,"height":2250},{"@type":"BreadcrumbList","@id":"https:\/\/www.focolare.us\/fr\/whats-focolare\/#breadcrumb","itemListElement":[{"@type":"ListItem","position":1,"name":"Home","item":"https:\/\/www.focolare.us\/fr\/"},{"@type":"ListItem","position":2,"name":"Qu&rsquo;est-ce que le Mouvement des Focolari?"}]},{"@type":"WebSite","@id":"https:\/\/www.focolare.us\/fr\/#website","url":"https:\/\/www.focolare.us\/fr\/","name":"Focolare in the US and Canada","description":"Living for Unity in the US and Canada","publisher":{"@id":"https:\/\/www.focolare.us\/fr\/#organization"},"potentialAction":[{"@type":"SearchAction","target":{"@type":"EntryPoint","urlTemplate":"https:\/\/www.focolare.us\/fr\/?s={search_term_string}"},"query-input":{"@type":"PropertyValueSpecification","valueRequired":true,"valueName":"search_term_string"}}],"inLanguage":"fr-FR"},{"@type":"Organization","@id":"https:\/\/www.focolare.us\/fr\/#organization","name":"Focolare Movement","url":"https:\/\/www.focolare.us\/fr\/","logo":{"@type":"ImageObject","inLanguage":"fr-FR","@id":"https:\/\/www.focolare.us\/fr\/#\/schema\/logo\/image\/","url":"https:\/\/www.focolare.us\/wp-content\/uploads\/2019\/08\/focolare_inglese_RGB.png","contentUrl":"https:\/\/www.focolare.us\/wp-content\/uploads\/2019\/08\/focolare_inglese_RGB.png","width":200,"height":184,"caption":"Focolare Movement"},"image":{"@id":"https:\/\/www.focolare.us\/fr\/#\/schema\/logo\/image\/"},"sameAs":["https:\/\/en.wikipedia.org\/wiki\/Focolare_Movement"]}]}},"_links":{"self":[{"href":"https:\/\/www.focolare.us\/fr\/wp-json\/wp\/v2\/pages\/2751","targetHints":{"allow":["GET"]}}],"collection":[{"href":"https:\/\/www.focolare.us\/fr\/wp-json\/wp\/v2\/pages"}],"about":[{"href":"https:\/\/www.focolare.us\/fr\/wp-json\/wp\/v2\/types\/page"}],"author":[{"embeddable":true,"href":"https:\/\/www.focolare.us\/fr\/wp-json\/wp\/v2\/users\/2"}],"replies":[{"embeddable":true,"href":"https:\/\/www.focolare.us\/fr\/wp-json\/wp\/v2\/comments?post=2751"}],"version-history":[{"count":8,"href":"https:\/\/www.focolare.us\/fr\/wp-json\/wp\/v2\/pages\/2751\/revisions"}],"predecessor-version":[{"id":2880,"href":"https:\/\/www.focolare.us\/fr\/wp-json\/wp\/v2\/pages\/2751\/revisions\/2880"}],"wp:featuredmedia":[{"embeddable":true,"href":"https:\/\/www.focolare.us\/fr\/wp-json\/wp\/v2\/media\/2663"}],"wp:attachment":[{"href":"https:\/\/www.focolare.us\/fr\/wp-json\/wp\/v2\/media?parent=2751"}],"curies":[{"name":"wp","href":"https:\/\/api.w.org\/{rel}","templated":true}]}}